{"id":1147,"date":"2024-11-14T09:51:58","date_gmt":"2024-11-14T08:51:58","guid":{"rendered":"https:\/\/chargy.vous.lu\/?page_id=1147"},"modified":"2024-11-19T08:29:13","modified_gmt":"2024-11-19T07:29:13","slug":"cession","status":"publish","type":"page","link":"https:\/\/chargy.lu\/fr\/cession\/","title":{"rendered":"Cession du r\u00e9seau Chargy"},"content":{"rendered":"<h1>Cession du r\u00e9seau Chargy<\/h1>\n<p>Les gestionnaires de r\u00e9seaux de distribution (ci-apr\u00e8s les \u00ab GRD \u00bb) annoncent, par la publication de l\u2019avis de cession, joint en annexe, le lancement de la proc\u00e9dure portant sur la cession de l\u2019infrastructure de charge pour v\u00e9hicules \u00e9lectriques connue sous les noms commerciaux \u00ab Chargy \u00bb et \u00ab Superchargy \u00bb. Cette cession ex\u00e9cute les articles 27, paragraphe 13 et 33bis de la loi modifi\u00e9e luxembourgeoise du 1er ao\u00fbt 2007 relative \u00e0 l\u2019organisation du march\u00e9 de l\u2019\u00e9lectricit\u00e9, transposant l\u2019article 33 de la directive 2019\/944 du 5 juin 2019 concernant des r\u00e8gles communes pour le march\u00e9 int\u00e9rieur de l\u2019\u00e9lectricit\u00e9, en ce qu\u2019ils exigent une dissociation effective entre les GRD et le propri\u00e9taire, d\u00e9veloppeur, g\u00e9rant, exploitant, de points de recharge pour v\u00e9hicules \u00e9lectriques.<\/p>\n<p>Ces dispositions obligent les GRD \u00e0 c\u00e9der, suite \u00e0 une mise en concurrence, l\u2019infrastructure de charge publique, \u00e0 l\u2019op\u00e9rateur \u00e9conomique qui a remis l\u2019offre consid\u00e9r\u00e9e comme \u00e9conomiquement la plus avantageuse.<\/p>\n<p>La pr\u00e9sente proc\u00e9dure aboutira \u00e0 la signature d\u2019une convention de cession avec l\u2019op\u00e9rateur \u00e9conomique retenu. Conform\u00e9ment \u00e0 l\u2019article 27, paragraphe 13, alin\u00e9a 14 de la loi modifi\u00e9e du 1er ao\u00fbt 2007, pr\u00e9cit\u00e9e, cette convention de cession ne produira ses effets qu\u2019une fois que l\u2019op\u00e9rateur \u00e9conomique retenu aura \u00e9galement \u00e9t\u00e9 retenu comme concessionnaire dans le cadre de la proc\u00e9dure autonome de concession, men\u00e9e par l\u2019Etat parall\u00e8lement \u00e0 la pr\u00e9sente proc\u00e9dure. Si l\u2019op\u00e9rateur \u00e9conomique n\u2019est pas, dans le cadre de la proc\u00e9dure de concession, retenu comme concessionnaire, la convention de cession est r\u00e9solue de plein droit.<\/p>\n<p>Tout op\u00e9rateur int\u00e9ress\u00e9 a, dans les conditions \u00e9nonc\u00e9es dans l\u2019avis de cession, joint en annexe, acc\u00e8s au dossier de cession.<\/p>\n<p>Les informations et renseignements concernant la proc\u00e9dure de concession, sont disponibles dans l\u2019avis de concession publi\u00e9 sur le portail des march\u00e9s publics, sous le n\u00b02402511 et au Journal officiel de l\u2019Union europ\u00e9enne. Tout op\u00e9rateur \u00e9conomique int\u00e9ress\u00e9 est tenu de participer, sous peine d\u2019exclusion de son offre, tant \u00e0 la proc\u00e9dure de cession qu\u2019\u00e0 la proc\u00e9dure de concession.<\/p>\n<p>&nbsp;<\/p>\n<h2>T\u00e9l\u00e9chargements<\/h2>\n<ul class=\"ul\">\n<li><a href=\"https:\/\/chargy.vous.lu\/app\/uploads\/2024\/11\/Avis-de-cession-ICP-v1.0.pdf\" target=\"_blank\" rel=\"noopener\">Avis de cession\u00a0<\/a><\/li>\n<li><a href=\"https:\/\/chargy.vous.lu\/app\/uploads\/2024\/11\/Accord-de-confidentialite-Procedure-Cession-ICP-v1.0.docx\" target=\"_blank\" rel=\"noopener\">Accord de confidentialit\u00e9 <\/a><\/li>\n<li><a href=\"https:\/\/chargy.vous.lu\/app\/uploads\/2024\/11\/Formulaire-de-demande-du-Dossier-de-Cession-v1.0.docx\" target=\"_blank\" rel=\"noopener\">Formulaire de demande du dossier de cession<\/a><\/li>\n<\/ul>\n","protected":false},"excerpt":{"rendered":"<p>Cession du r\u00e9seau Chargy Les gestionnaires de r\u00e9seaux de distribution (ci-apr\u00e8s les \u00ab GRD \u00bb) annoncent, par la publication de l\u2019avis de cession, joint en annexe, le lancement de la proc\u00e9dure portant sur la cession de l\u2019infrastructure de charge pour v\u00e9hicules \u00e9lectriques connue sous les noms commerciaux \u00ab Chargy \u00bb et \u00ab Superchargy \u00bb. Cette [&hellip;]<\/p>\n","protected":false},"author":2,"featured_media":0,"parent":0,"menu_order":0,"comment_status":"closed","ping_status":"closed","template":"","meta":{"footnotes":""},"class_list":["post-1147","page","type-page","status-publish","hentry"],"acf":[],"yoast_head":"<!-- This site is optimized with the Yoast SEO plugin v24.0 - https:\/\/yoast.com\/wordpress\/plugins\/seo\/ -->\n<title>Cession du r\u00e9seau Chargy &#8226; Chargy<\/title>\n<meta name=\"robots\" content=\"index, follow, max-snippet:-1, max-image-preview:large, max-video-preview:-1\" \/>\n<link rel=\"canonical\" href=\"https:\/\/chargy.lu\/fr\/cession\/\" \/>\n<meta property=\"og:locale\" content=\"fr_FR\" \/>\n<meta property=\"og:type\" content=\"article\" \/>\n<meta property=\"og:title\" content=\"Cession du r\u00e9seau Chargy &#8226; Chargy\" \/>\n<meta property=\"og:description\" content=\"Cession du r\u00e9seau Chargy Les gestionnaires de r\u00e9seaux de distribution (ci-apr\u00e8s les \u00ab GRD \u00bb) annoncent, par la publication de l\u2019avis de cession, joint en annexe, le lancement de la proc\u00e9dure portant sur la cession de l\u2019infrastructure de charge pour v\u00e9hicules \u00e9lectriques connue sous les noms commerciaux \u00ab Chargy \u00bb et \u00ab Superchargy \u00bb. Cette [&hellip;]\" \/>\n<meta property=\"og:url\" content=\"https:\/\/chargy.lu\/fr\/cession\/\" \/>\n<meta property=\"og:site_name\" content=\"Chargy\" \/>\n<meta property=\"article:publisher\" content=\"https:\/\/www.facebook.com\/chargy.vous.lu\/\" \/>\n<meta property=\"article:modified_time\" content=\"2024-11-19T07:29:13+00:00\" \/>\n<meta name=\"twitter:card\" content=\"summary_large_image\" \/>\n<meta name=\"twitter:label1\" content=\"Est. reading time\" \/>\n\t<meta name=\"twitter:data1\" content=\"2 minutes\" \/>\n<script type=\"application\/ld+json\" class=\"yoast-schema-graph\">{\"@context\":\"https:\/\/schema.org\",\"@graph\":[{\"@type\":\"WebPage\",\"@id\":\"https:\/\/chargy.lu\/fr\/cession\/\",\"url\":\"https:\/\/chargy.lu\/fr\/cession\/\",\"name\":\"Cession du r\u00e9seau Chargy &#8226; Chargy\",\"isPartOf\":{\"@id\":\"https:\/\/chargy.vous.lu\/fr\/#website\"},\"datePublished\":\"2024-11-14T08:51:58+00:00\",\"dateModified\":\"2024-11-19T07:29:13+00:00\",\"breadcrumb\":{\"@id\":\"https:\/\/chargy.lu\/fr\/cession\/#breadcrumb\"},\"inLanguage\":\"fr-FR\",\"potentialAction\":[{\"@type\":\"ReadAction\",\"target\":[\"https:\/\/chargy.lu\/fr\/cession\/\"]}]},{\"@type\":\"BreadcrumbList\",\"@id\":\"https:\/\/chargy.lu\/fr\/cession\/#breadcrumb\",\"itemListElement\":[{\"@type\":\"ListItem\",\"position\":1,\"name\":\"Home\",\"item\":\"https:\/\/chargy.lu\/fr\/\"},{\"@type\":\"ListItem\",\"position\":2,\"name\":\"Cession du r\u00e9seau Chargy\"}]},{\"@type\":\"WebSite\",\"@id\":\"https:\/\/chargy.vous.lu\/fr\/#website\",\"url\":\"https:\/\/chargy.vous.lu\/fr\/\",\"name\":\"Chargy\",\"description\":\"UN R\u00c9SEAU TOUJOURS PLUS GRAND POUR TOUJOURS PLUS DE CONFORT\",\"publisher\":{\"@id\":\"https:\/\/chargy.vous.lu\/fr\/#organization\"},\"potentialAction\":[{\"@type\":\"SearchAction\",\"target\":{\"@type\":\"EntryPoint\",\"urlTemplate\":\"https:\/\/chargy.vous.lu\/fr\/?s={search_term_string}\"},\"query-input\":{\"@type\":\"PropertyValueSpecification\",\"valueRequired\":true,\"valueName\":\"search_term_string\"}}],\"inLanguage\":\"fr-FR\"},{\"@type\":\"Organization\",\"@id\":\"https:\/\/chargy.vous.lu\/fr\/#organization\",\"name\":\"Chargy\",\"url\":\"https:\/\/chargy.vous.lu\/fr\/\",\"logo\":{\"@type\":\"ImageObject\",\"inLanguage\":\"fr-FR\",\"@id\":\"https:\/\/chargy.vous.lu\/fr\/#\/schema\/logo\/image\/\",\"url\":\"https:\/\/chargy.vous.lu\/app\/uploads\/2021\/08\/logo_retina-1.png\",\"contentUrl\":\"https:\/\/chargy.vous.lu\/app\/uploads\/2021\/08\/logo_retina-1.png\",\"width\":360,\"height\":94,\"caption\":\"Chargy\"},\"image\":{\"@id\":\"https:\/\/chargy.vous.lu\/fr\/#\/schema\/logo\/image\/\"},\"sameAs\":[\"https:\/\/www.facebook.com\/chargy.vous.lu\/\"]}]}<\/script>\n<!-- \/ Yoast SEO plugin. -->","yoast_head_json":{"title":"Cession du r\u00e9seau Chargy &#8226; Chargy","robots":{"index":"index","follow":"follow","max-snippet":"max-snippet:-1","max-image-preview":"max-image-preview:large","max-video-preview":"max-video-preview:-1"},"canonical":"https:\/\/chargy.lu\/fr\/cession\/","og_locale":"fr_FR","og_type":"article","og_title":"Cession du r\u00e9seau Chargy &#8226; Chargy","og_description":"Cession du r\u00e9seau Chargy Les gestionnaires de r\u00e9seaux de distribution (ci-apr\u00e8s les \u00ab GRD \u00bb) annoncent, par la publication de l\u2019avis de cession, joint en annexe, le lancement de la proc\u00e9dure portant sur la cession de l\u2019infrastructure de charge pour v\u00e9hicules \u00e9lectriques connue sous les noms commerciaux \u00ab Chargy \u00bb et \u00ab Superchargy \u00bb. Cette [&hellip;]","og_url":"https:\/\/chargy.lu\/fr\/cession\/","og_site_name":"Chargy","article_publisher":"https:\/\/www.facebook.com\/chargy.vous.lu\/","article_modified_time":"2024-11-19T07:29:13+00:00","twitter_card":"summary_large_image","twitter_misc":{"Est. reading time":"2 minutes"},"schema":{"@context":"https:\/\/schema.org","@graph":[{"@type":"WebPage","@id":"https:\/\/chargy.lu\/fr\/cession\/","url":"https:\/\/chargy.lu\/fr\/cession\/","name":"Cession du r\u00e9seau Chargy &#8226; Chargy","isPartOf":{"@id":"https:\/\/chargy.vous.lu\/fr\/#website"},"datePublished":"2024-11-14T08:51:58+00:00","dateModified":"2024-11-19T07:29:13+00:00","breadcrumb":{"@id":"https:\/\/chargy.lu\/fr\/cession\/#breadcrumb"},"inLanguage":"fr-FR","potentialAction":[{"@type":"ReadAction","target":["https:\/\/chargy.lu\/fr\/cession\/"]}]},{"@type":"BreadcrumbList","@id":"https:\/\/chargy.lu\/fr\/cession\/#breadcrumb","itemListElement":[{"@type":"ListItem","position":1,"name":"Home","item":"https:\/\/chargy.lu\/fr\/"},{"@type":"ListItem","position":2,"name":"Cession du r\u00e9seau Chargy"}]},{"@type":"WebSite","@id":"https:\/\/chargy.vous.lu\/fr\/#website","url":"https:\/\/chargy.vous.lu\/fr\/","name":"Chargy","description":"UN R\u00c9SEAU TOUJOURS PLUS GRAND POUR TOUJOURS PLUS DE CONFORT","publisher":{"@id":"https:\/\/chargy.vous.lu\/fr\/#organization"},"potentialAction":[{"@type":"SearchAction","target":{"@type":"EntryPoint","urlTemplate":"https:\/\/chargy.vous.lu\/fr\/?s={search_term_string}"},"query-input":{"@type":"PropertyValueSpecification","valueRequired":true,"valueName":"search_term_string"}}],"inLanguage":"fr-FR"},{"@type":"Organization","@id":"https:\/\/chargy.vous.lu\/fr\/#organization","name":"Chargy","url":"https:\/\/chargy.vous.lu\/fr\/","logo":{"@type":"ImageObject","inLanguage":"fr-FR","@id":"https:\/\/chargy.vous.lu\/fr\/#\/schema\/logo\/image\/","url":"https:\/\/chargy.vous.lu\/app\/uploads\/2021\/08\/logo_retina-1.png","contentUrl":"https:\/\/chargy.vous.lu\/app\/uploads\/2021\/08\/logo_retina-1.png","width":360,"height":94,"caption":"Chargy"},"image":{"@id":"https:\/\/chargy.vous.lu\/fr\/#\/schema\/logo\/image\/"},"sameAs":["https:\/\/www.facebook.com\/chargy.vous.lu\/"]}]}},"_links":{"self":[{"href":"https:\/\/chargy.lu\/fr\/wp-json\/wp\/v2\/pages\/1147","targetHints":{"allow":["GET"]}}],"collection":[{"href":"https:\/\/chargy.lu\/fr\/wp-json\/wp\/v2\/pages"}],"about":[{"href":"https:\/\/chargy.lu\/fr\/wp-json\/wp\/v2\/types\/page"}],"author":[{"embeddable":true,"href":"https:\/\/chargy.lu\/fr\/wp-json\/wp\/v2\/users\/2"}],"replies":[{"embeddable":true,"href":"https:\/\/chargy.lu\/fr\/wp-json\/wp\/v2\/comments?post=1147"}],"version-history":[{"count":6,"href":"https:\/\/chargy.lu\/fr\/wp-json\/wp\/v2\/pages\/1147\/revisions"}],"predecessor-version":[{"id":1180,"href":"https:\/\/chargy.lu\/fr\/wp-json\/wp\/v2\/pages\/1147\/revisions\/1180"}],"wp:attachment":[{"href":"https:\/\/chargy.lu\/fr\/wp-json\/wp\/v2\/media?parent=1147"}],"curies":[{"name":"wp","href":"https:\/\/api.w.org\/{rel}","templated":true}]}}